{"version":"1.0","provider_name":"\u00d6tletlak","provider_url":"https:\/\/otletlak.cafeblog.hu","author_name":"\u00d6tletlak","author_url":"https:\/\/otletlak.cafeblog.hu\/author\/otletlak\/","title":"M\u00e1jus a balkonon","html":"<p>Sziasztok!<\/p>\r\n<p>\u00dajabb helyzetjelent\u00e9ssel j\u00f6ttem a balkonkertecsk\u00e9mr\u0151l. Mivel a k\u00f6vetkez\u0151 \u00e9vekben el\u00e9g sok tervem van arra, hogyan lehetne megsz\u00e9p\u00edteni, t\u00f6bb n\u00f6v\u00e9nnyel gazdag\u00edtani a jelenlegi gy\u0171jtem\u00e9nyt, ez\u00e9rt a m\u00falt ny\u00e1ron elkezdett folyamatot most folytattam.<\/p>\r\n<p>Tegnap l\u00e1togat\u00e1st tett\u00fcnk a kedvenc beszerz\u0151helyemen, a B\u00faza t\u00e9ri piac \u0151stermel\u0151i r\u00e9sz\u00e9n. :)<br \/>Az \u00fcltet\u0151ed\u00e9nyeim,\u00a0kasp\u00f3im, balkonl\u00e1d\u00e1im terrakotta \u00e9s sz\u00fcrke sz\u00edn\u0171ek, ez\u00e9rt vid\u00e1m, sz\u00ednes \u00f6ssze\u00e1ll\u00edt\u00e1st k\u00e9pzeltem el. Siker\u00fclt is nagyon sz\u00e9p r\u00f3zsasz\u00edn \u00e1ll\u00f3musk\u00e1tlikat v\u00e1s\u00e1rolnunk anyuk\u00e1mmal, amihez a tavaly m\u00e1r j\u00f3l bev\u00e1lt kakassarkanty\u00fat p\u00e1ros\u00edtottam. A m\u00e1sik \u00f6ssze\u00e1ll\u00edt\u00e1sban m\u00e9zvir\u00e1g van szint\u00e9n a sz\u00fanyog\u0171z\u0151 n\u00f6v\u00e9nyk\u00e9vel. <br \/>\u00a0\u00a0\u00a0\u00a0\u00a0\u00a0\u00a0\u00a0\u00a0\u00a0\u00a0 <img class=\"alignnone size-medium wp-image-1075\" src=\"https:\/\/otletlak.cafeblog.hu\/files\/2021\/05\/balkon-20210510-300x225.jpg\" alt=\"\" width=\"300\" height=\"225\" \/>\u00a0 <img class=\"alignnone size-medium wp-image-1071\" src=\"https:\/\/otletlak.cafeblog.hu\/files\/2021\/05\/balkon2-20210510-300x225.jpg\" alt=\"\" width=\"300\" height=\"225\" \/>\u00a0 <img class=\"alignnone size-medium wp-image-1072\" src=\"https:\/\/otletlak.cafeblog.hu\/files\/2021\/05\/balkon3-20210510-300x225.jpg\" alt=\"\" width=\"300\" height=\"225\" \/><\/p>\r\n<p>A m\u00e9zvir\u00e1gok m\u00e9g el\u00e9gg\u00e9 apr\u00f3k, de rem\u00e9lem, j\u00f3l \u00e9rzik majd magukat n\u00e1lunk, \u00e9s hamar hatalmas, illatos felh\u0151v\u00e9 n\u00f6vik ki magukat. A musk\u00e1tlik m\u00e1r most nagyon sz\u00e9pek, rengeteg bimb\u00f3 van mindegyiken. A kakassarkanty\u00fat tavaly fedeztem fel magamnak, \u00e9s nagyon bev\u00e1lt.<br \/>Egyr\u00e9szt nagyon nagyra n\u0151, \u00e9s ha hagyjuk, akkor sz\u00e9pen lecs\u00fcng a balkonl\u00e1da oldal\u00e1n. M\u00e1sr\u00e9szt pedig t\u00e9nyleg el\u0171zi a sz\u00fanyogokat. Tavaly ny\u00e1ron sokszor \u00fcld\u00f6g\u00e9ltem kint az erk\u00e9lyen estig, \u00e9s nem cs\u00edptek a sz\u00fanyogok, nem is nagyon l\u00e1ttam \u0151ket. A polosk\u00e1kkal szemben abszol\u00fat hat\u00e1stalan ugyan, de m\u00e1r a sz\u00fanyogok elleni v\u00e9delem is nagyon szuper \u00e9rz\u00e9s. :)<\/p>\r\n<p>Ezekben a balkonl\u00e1d\u00e1kban eddig az \u0151sszel el\u00fcltetett \u00e1rv\u00e1csk\u00e1k \u00e9s csarabok voltak. Az \u00e1rv\u00e1csk\u00e1k a kor\u00e1bbi hagym\u00e1sok hely\u00e9re ker\u00fcltek, illetve kisebb cserepekbe. Ezekb\u0151l n\u00e9h\u00e1nyat megtartok, hogy ha a fali tart\u00f3im meg\u00e9rkeznek, akkor abban d\u00edsz\u00edts\u00e9k k\u00e9toldalt az ablakot \u00e9s az ajt\u00f3t, a t\u00f6bbieket pedig elaj\u00e1nd\u00e9kozom a munkat\u00e1rsaim k\u00f6z\u00f6tt. A fali r\u00e9szre m\u00e9g vannak terveim, ezek k\u00f6z\u00fcl a h\u00f3nap k\u00f6zep\u00e9n kider\u00fcl, mit tudok megval\u00f3s\u00edtani.<br \/><br \/>A hagym\u00e1sok k\u00f6z\u00fcl sajnos, alig 5-6 darab \u00e9lte meg a tavaszt, valami nagyon f\u00e9lrement az \u00fcltet\u00e9s sor\u00e1n, ennek id\u00e9n jobban ut\u00e1na kell olvasnom, ha t\u00e9lre ism\u00e9t szeretn\u00e9k - m\u00e1rpedig igen, nagyon szeretn\u00e9k - hagym\u00e1sokat \u00fcltetni, hogy t\u00e9l v\u00e9g\u00e9n, tavasz elej\u00e9n is sz\u00ednes \u00e9s illatos legyen az erk\u00e9ly\u00fcnk. A megmaradt hagym\u00e1kat most kiszedtem a cserepekb\u0151l, \u00e9s kicsit sz\u00e1r\u00edtom \u0151ket, hogy azt\u00e1n pap\u00edrzs\u00e1kban v\u00e1rj\u00e1k az \u0151szi \u00fcltet\u00e9st.<\/p>\r\n<p>\u00a0\u00a0\u00a0\u00a0\u00a0\u00a0\u00a0\u00a0\u00a0\u00a0\u00a0\u00a0 <img class=\"alignnone size-medium wp-image-1076\" src=\"https:\/\/otletlak.cafeblog.hu\/files\/2021\/05\/\u00e1rv\u00e1csk\u00e1k-20210510-300x225.jpg\" alt=\"\" width=\"300\" height=\"225\" \/>\u00a0 <img class=\"alignnone size-medium wp-image-1077\" src=\"https:\/\/otletlak.cafeblog.hu\/files\/2021\/05\/\u00f6ssze\u00e1ll\u00edt\u00e1s-20210510-300x225.jpg\" alt=\"\" width=\"300\" height=\"225\" \/>\u00a0 <img class=\"alignnone size-medium wp-image-1078\" src=\"https:\/\/otletlak.cafeblog.hu\/files\/2021\/05\/balkon\u00e1fonya-20210510-225x300.jpg\" alt=\"\" width=\"225\" height=\"300\" \/><\/p>\r\n<p>Tegnapi napon a m\u00falt h\u00f3napban meg\u00e9rkezett balkon\u00e1fony\u00e1m is nagyobb cser\u00e9pbe k\u00f6lt\u00f6z\u00f6tt, a neki sz\u00fcks\u00e9ges savany\u00fa f\u00f6ldbe. R\u00e1ad\u00e1sul nagy \u00f6r\u00f6m\u00f6mre m\u00e1r vir\u00e1gokat is hozott, \u00edgy van r\u00e1 es\u00e9ly, hogy \u0151sszel p\u00e1r darab saj\u00e1t term\u00e9s\u0171 \u00e1fony\u00e1t is megk\u00f3stolhatunk m\u00e1r. :)<br \/>Emellett a szam\u00f3c\u00e1im \u00fagy n\u00e9z ki, j\u00f3l \u00e9rzik magukat - b\u00e1r felakasztva m\u00e9g nincsenek -, mert m\u00e1r a vir\u00e1gok mellett sok kis term\u00e9s is megjelent a sz\u00e1rakon, s\u0151t, az egyik elkezdett be\u00e9rni. Rem\u00e9lem, sok finom, saj\u00e1t sz\u00fcretel\u00e9s\u0171 szam\u00f3c\u00e1t ehet\u00fcnk id\u00e9n. :)<\/p>\r\n<p>\u00a0\u00a0\u00a0\u00a0\u00a0\u00a0\u00a0\u00a0\u00a0\u00a0\u00a0\u00a0\u00a0\u00a0\u00a0\u00a0\u00a0\u00a0\u00a0\u00a0\u00a0\u00a0\u00a0\u00a0\u00a0\u00a0\u00a0\u00a0\u00a0\u00a0\u00a0\u00a0\u00a0\u00a0\u00a0\u00a0\u00a0\u00a0\u00a0\u00a0\u00a0\u00a0\u00a0\u00a0\u00a0\u00a0\u00a0\u00a0\u00a0\u00a0\u00a0\u00a0\u00a0\u00a0\u00a0\u00a0 <img class=\"alignnone size-medium wp-image-1080\" src=\"https:\/\/otletlak.cafeblog.hu\/files\/2021\/05\/szam\u00f3c\u00e1k-20210510-300x225.jpg\" alt=\"\" width=\"300\" height=\"225\" \/>\u00a0 <img class=\"alignnone size-medium wp-image-1079\" src=\"https:\/\/otletlak.cafeblog.hu\/files\/2021\/05\/els\u0151szam\u00f3ca-20210510-225x300.jpg\" alt=\"\" width=\"225\" height=\"300\" \/><\/p>\r\n<p>Az \u0151 f\u00f6ldj\u00fcket kicsit p\u00f3tolni kell, illetve szalmatakar\u00e1st is kapnak a kisz\u00e1rad\u00e1s \u00e9s a kis term\u00e9sek v\u00e9delme \u00e9rdek\u00e9ben, ez a mai napon ker\u00fclt megold\u00e1sra, ugyanis tegnap kifogytam a v\u00e1s\u00e1rolt 40 liter vir\u00e1gf\u00f6ldb\u0151l.<br \/><br \/>A sok \u00fajdons\u00e1g mellett tegnap siker\u00fclt megvennem a nagyon v\u00e1rt paradicsom pal\u00e1nt\u00e1t is, f\u00fcrt\u00f6s balkonparadicsom form\u00e1j\u00e1ban. \u0150 most m\u00e9g v\u00e1rja a k\u00fcl\u00f6n neki megrendelt \u00e1llv\u00e1nyos cserep\u00e9t \u00e9s a folyam\u00e1n. :)<br \/>\u00c9s ha m\u00e1r ott voltam, akkor musz\u00e1j volt ezt az egyel\u0151re kicsi, de m\u00e1r most is nagyon sz\u00e9p fukszi\u00e1t hazahoznom. Gyerekkoromban volt egy nagyon sz\u00e9p r\u00f3zsasz\u00edn-feh\u00e9r verzi\u00f3m, amit az egyik szomsz\u00e9d n\u00e9nit\u0151l kaptam. Sajnos, egyszer anyuk\u00e1m megnapoztatta, amit nem \u00e9lt t\u00fal. Az\u00f3ta v\u00e1gyom arra, hogy ism\u00e9t legyen fukszi\u00e1m, ami tegnapi napon val\u00f3ss\u00e1g v\u00e1lt. Term\u00e9szetesen, \u0151 is fog nagyobb cserepet kapni, hogy sz\u00e9pen tudjon fejl\u0151dni. Helye m\u00e9g nincs, de biztosan tal\u00e1lunk sz\u00e1m\u00e1ra megfelel\u0151t :) <br \/><img class=\"size-medium wp-image-1081 aligncenter\" src=\"https:\/\/otletlak.cafeblog.hu\/files\/2021\/05\/balkonparadicsomfukszia-20210510-225x300.jpg\" alt=\"\" width=\"225\" height=\"300\" \/><br \/>Jelenleg a kertekr\u0151l, vir\u00e1gokr\u00f3l t\u00f6rt\u00e9n\u0151 olvas\u00e1s t\u00f6lti ki az id\u0151m nagy r\u00e9sz\u00e9t, de ezek mellett k\u00e9sz\u00fclnek k\u00e9zm\u0171ves fronton is \u00e9rdekess\u00e9gek, ezek most el\u00e9g lassan k\u00e9sz\u00fclnek, de amint van r\u00e1 lehet\u0151s\u00e9g, hozok r\u00f3luk is bejegyz\u00e9st.<\/p>\r\n<p>&nbsp;<\/p>","type":"rich"}