{"version":"1.0","provider_name":"\u00d6tletlak","provider_url":"https:\/\/otletlak.cafeblog.hu","author_name":"\u00d6tletlak","author_url":"https:\/\/otletlak.cafeblog.hu\/author\/otletlak\/","title":"Boldog Kar\u00e1csonyt!","html":"<p>Sziasztok!<\/p>\r\n<p>&nbsp;<\/p>\r\n<p style=\"text-align: justify\">H\u00e1t, itt van, el\u00e9rkezett az \u00e9v legnagyobb \u00fcnnepe is. Ez az \u00e9v is olyan gyorsan lepergett, hogy szinte felfogni sincs id\u0151m. Nemr\u00e9giben m\u00e9g nyaralni voltunk, szinte most kezdtem el dolgozni az \u00faj munkahelyemen...<\/p>\r\n<p><img class=\"alignnone size-medium wp-image-716\" src=\"https:\/\/otletlak.cafeblog.hu\/files\/2017\/12\/christmas-decorations-3030546_6401-300x216.jpg\" alt=\"\" width=\"300\" height=\"216\" \/><\/p>\r\n<p style=\"text-align: justify\">Az elm\u00falt \u00e9vekben \u00e9szrevettem, hogy minden gyorsan elrep\u00fcl, mintha csak egy pillanat lenne, \u00e9s m\u00e1ris h\u00f3napokkal vagyunk arr\u00e9bb az \u00e9vben. Val\u00f3sz\u00edn\u0171leg k\u00f6sz\u00f6nhet\u0151 ez annak is, hogy sok mindent igyekszem bes\u0171r\u00edteni a mindennapokba, de nem kesergek azon, ha valamit nem siker\u00fclt megval\u00f3s\u00edtanom. Sok id\u0151 \u00e1ll m\u00e9g a rendelkez\u00e9semre, hogy k\u00eds\u00e9rletezzek vagy belekezdjek \u00faj dolgokba.<\/p>\r\n<p style=\"text-align: justify\">Ez az \u00e9v a v\u00e1llalkoz\u00e1s \u00fajraind\u00edt\u00e1s\u00e1r\u00f3l \u00e9s fejleszt\u00e9s\u00e9r\u0151l sz\u00f3lt. Nem siker\u00fclt minden \u00fagy, ahogy szerettem volna, \u00e9s sok minden cs\u00faszott is, de v\u00e9geredm\u00e9nyben el\u00e9gedett vagyok.<\/p>\r\n<p style=\"text-align: justify\">M\u00e9g ny\u00e1ron \u00edrtam egy tervet, hogy minden h\u00e9ten mi jelenjen meg a posztokban \u00e9s igyekeztem is tartani magam hozz\u00e1. Ez nekem is k\u00f6nnyebbs\u00e9get jelentett, hiszen nem kellett agyalnom a k\u00f6vetkez\u0151 projekten, \u00e9s \u00fagy tudtam rendszerezni a dolgokat, hogy \u00e9vszaknak \u00e9s \u00fcnnepeknek megfelel\u0151 dolgokkal tudjak foglalkozni. Az szerintem v\u00e9gre keretet adott a blognak is, ami m\u00e1r nagyon r\u00e1f\u00e9rt.<\/p>\r\n<p><img class=\"alignnone size-medium wp-image-717\" src=\"https:\/\/otletlak.cafeblog.hu\/files\/2017\/12\/old-1130743_640-300x225.jpg\" alt=\"\" width=\"300\" height=\"225\" \/><\/p>\r\n<p style=\"text-align: justify\">Mivel minden h\u00e9tre megvolt a feladat, m\u00e1r csak az elk\u00e9sz\u00edt\u00e9ssel kellett foglalkoznom. Ez sokszor nem is jelentett probl\u00e9m\u00e1t, de sokszor igen. Nem mindig terveztem meg hozz\u00e1 a kiad\u00e1sokat vagy a megrendel\u00e9si hat\u00e1rid\u0151ket, \u00e9s \u00edgy sokszor kellett vari\u00e1lnom, hogy k\u00e9szen legyek azzal, amit elterveztem.<\/p>\r\n<p style=\"text-align: justify\">Ezen a j\u00f6v\u0151 \u00e9vben szeretn\u00e9k v\u00e1ltoztatni, hogy ne legyenek ilyen probl\u00e9m\u00e1k a k\u00f6vetkez\u0151 \u00e9vekben, \u00e9s ne kelljen kutyafutt\u00e1ban megcsin\u00e1lnom dolgokat. M\u00f3dos\u00edt\u00e1sra szorul az id\u0151beoszt\u00e1som is, ugyanis Ti is l\u00e1thatt\u00e1tok, hogy a posztok el\u00e9g rendszertelen\u00fcl mennek ki. Nem azonos id\u0151szakban, s\u0151t, nem is azonos napokon. Ezen szint\u00e9n szeretn\u00e9k v\u00e1ltoztatni, hogy rendezettebb legyen a benyom\u00e1s \u00e9s az \u00f6sszk\u00e9p az oldalr\u00f3l.<\/p>\r\n<p style=\"text-align: justify\">Ha m\u00e1r az oldaln\u00e1l tartunk, n\u00e9h\u00e1ny hete elstartolt a <a href=\"http:\/\/otletlak.wezzpage.hu\/\">weboldal<\/a> is, amir\u0151l m\u00e1r kor\u00e1bban \u00edrtam, b\u00e1r csak sz\u0171kszav\u00faan. Fontos sz\u00e1momra az \u00f6sszk\u00e9p, \u00e9s ez\u00e9rt szerettem volna, ha a k\u00e9t fel\u00fclet harmoniz\u00e1l egym\u00e1ssal, m\u00e9g ha nem is azonos oldalon tal\u00e1lhat\u00f3ak. M\u00e9g sok minden tiszt\u00e1z\u00e1sra v\u00e1r a weboldallal kapcsolatosan, de most el\u00e9gedett vagyok azzal, amit siker\u00fclt \u00f6sszehoznom.<\/p>\r\n<p style=\"text-align: justify\">\u00d6sszess\u00e9g\u00e9ben \u00f6r\u00fcl\u00f6k, mert sok \u00faj dolgot siker\u00fclt kipr\u00f3b\u00e1lnom ezen h\u00f3napok alatt, amelyeket Veletek is megoszthattam, \u00e9s m\u00e9g sok \u00faj dolgot szeretn\u00e9k kipr\u00f3b\u00e1lni a j\u00f6v\u0151ben is! Igyekszem mindennek id\u0151t szak\u00edtani az \u00e9letemben, de azt m\u00e1r elengedtem, hogy g\u00f6rcs\u00f6sen igyekezzek mindent megval\u00f3s\u00edtani.<\/p>\r\n<p>&nbsp;<\/p>\r\n<p style=\"text-align: justify\">Rem\u00e9lem, Nektek is sikeres volt az elm\u00falt \u00e9v, \u00e9s sok olyan dolog van, amire b\u00fcszk\u00e9k lehettek. Ne habozzatok ezt megosztani Velem, Vel\u00fcnk itt kommentben, vagy a <a href=\"https:\/\/www.facebook.com\/otletlak\/\">FB oldalunkon<\/a>!<\/p>\r\n<p>Az \u00e1ltalam k\u00e9sz\u00edtett t\u00e9li kopogtat\u00f3val k\u00edv\u00e1nok Minden Kedves Olvas\u00f3mnak boldog, csendes, vid\u00e1m kar\u00e1csonyt!<\/p>\r\n<p>&nbsp;<\/p>","type":"rich","thumbnail_url":"https:\/\/otletlak.cafeblog.hu\/files\/2017\/12\/2017-12-24_14.22.55-150x150.jpg","thumbnail_width":150,"thumbnail_height":150}